{"version":"1.0","provider_name":"F\u0171szer \u00e9s L\u00e9lek","provider_url":"https:\/\/fuszereslelek.nlcafe.hu","author_name":"F\u0171szeres Eszter","author_url":"https:\/\/fuszereslelek.nlcafe.hu\/author\/fuszereseszter\/","title":"H\u00e1rom nap mennyorsz\u00e1g","html":"<p><img class=\"aligncenter size-full wp-image-7223655\" src=\"https:\/\/fuszereslelek.nlcafe.hu\/wp-content\/uploads\/sites\/5\/2017\/05\/hercegasszonynyito2.jpg\" alt=\"\" width=\"800\" height=\"534\" \/>Nagyon h\u00faz\u00f3sak voltak az elm\u00falt heteink, nem is eml\u00e9kszem, hogy mikor voltunk egy p\u00e1r \u00f3r\u00e1n\u00e1l t\u00f6bbet kettesben a f\u00e9rjemmel. Mikor \u0151 is \u00e9ppen az \u0151r\u00fclet hat\u00e1r\u00e1n \u00e1llt, nem kellett neki k\u00e9tszer mondanom, hogy vegyen ki h\u00e1rom nap szabads\u00e1got, a gyerekek aludjanak anyu\u00e9kn\u00e1l, mi pedig utazzunk el.<br \/> Ne menj\u00fcnk t\u00fal messzire, de az\u00e9rt \u00e9rezz\u00fck, hogy nem otthon vagyunk, \u00e9s lehet\u0151leg tudjunk teljes ell\u00e1t\u00e1st k\u00e9rni. <br \/> Mez\u0151t\u00farra, a <a href=\"http:\/\/hercegasszony.hu\">Hercegasszony birtokra<\/a> men\u00fcnk. A hivatalos neve Hercegasszony Wellness \u00e9s Garden. A wellnesst \u00e9rtettem, a gardent nem annyira, de amikor megl\u00e1ttam a parkot, r\u00e1j\u00f6ttem, hogy mi\u00e9rt kellett a n\u00e9vben megeml\u00edteni. <br \/>R\u00e9gebb \u00f3ta szemezek a hellyel, ugyanis a fiam minden \u00e9vben Szarvason nyaral, ahol az els\u0151 h\u00e9t vas\u00e1rnapj\u00e1n l\u00e1togat\u00e1s szokott lenni. Olyan sz\u00e9p a k\u00f6rny\u00e9k, \u00e9s annyira h\u00edvogat\u00f3 a sok v\u00edz a ny\u00e1r k\u00f6zep\u00e9n, hogy minden \u00e9vben elhat\u00e1rozzunk, maradunk legal\u00e1bb egy \u00e9jszak\u00e1t m\u00e9g mi is\u00a0 a k\u00f6rny\u00e9ken. <br \/> <img class=\"aligncenter size-full wp-image-7223650\" src=\"https:\/\/fuszereslelek.nlcafe.hu\/wp-content\/uploads\/sites\/5\/2017\/05\/hercegasszony4.jpg\" alt=\"\" width=\"1120\" height=\"942\" \/>Annak aki ismeri a T\u00fart \u00e9s a Kett\u0151s-K\u00f6r\u00f6st, annak nem \u00fajdons\u00e1g, az a f\u00f6ldi paradicsom ami azon a k\u00f6rny\u00e9ken megtal\u00e1lhat\u00f3. Igazi term\u00e9szeti csoda, a maga lassan cammog\u00f3 foly\u00f3ival, a k\u00f6zel rep\u00fcl\u0151 kacs\u00e1kkal, v\u00edzimadarakkal, a k\u00e9rd\u0151n n\u00e9z\u0151 \u0151zekkel. <br \/> Kicsit tartottam a teljes ell\u00e1t\u00e1st\u00f3l, az az igazs\u00e1g, hogy az\u00e9rt sokszor belefut az ember el\u00e9g gyenge konyh\u00e1ba, \u00e9s amikor v\u00e9gre pihenhet\u00fcnk, semmi kedvem sil\u00e1nyabbat enni, mint ha otthon lenn\u00e9nk. \u00dagyhogy csak egy olyan k\u00f6zepes konyh\u00e1ra sz\u00e1m\u00edtottam, de akkor\u00e1t t\u00e9vedtem, mint ide Mez\u0151t\u00far.<br \/> Korad\u00e9lut\u00e1n \u00e9rkezt\u00fcnk, a birtok k\u00f6zep\u00e9n k\u00e9t gy\u00f6ny\u00f6r\u0171 kis kast\u00e9ly v\u00e1rt. Gyorsan elfoglaltuk a szob\u00e1inkat, majd kihaszn\u00e1ltuk, hogy rajtunk k\u00edv\u00fcl \u00e9pp kevesen voltak h\u00e9tk\u00f6znap l\u00e9v\u00e9n, azonnal el is ment\u00fcnk a wellness-be, \u00e9s csak \u00fclt\u00fcnk a v\u00edzben, n\u00e9zt\u00fcnk ki az ablakon, figyelt\u00fck a f\u00e1kat, \u00e9s f\u00e9l \u00f3r\u00e1ig nem is sz\u00f3laltunk meg. Minden t\u00falz\u00e1s n\u00e9lk\u00fcl \u00e1ll\u00edthatom, hogy Magyarorsz\u00e1gon ennyire j\u00f3 - \u00e9s minden szempontb\u00f3l j\u00f3 \u2013 helyen m\u00e9g soha nem j\u00e1rtunk!<br \/> <img class=\"aligncenter size-full wp-image-7223651\" src=\"https:\/\/fuszereslelek.nlcafe.hu\/wp-content\/uploads\/sites\/5\/2017\/05\/hercegasszony5.jpg\" alt=\"\" width=\"961\" height=\"1281\" \/>Nagyon izgalmas egy\u00e9bk\u00e9nt a kast\u00e9ly t\u00f6rt\u00e9nete. Egy hedonista, az \u00e9letet igencsak igenl\u0151 b\u00e1tor n\u0151 valamikori tulajdon\u00e1b\u00f3l p\u00e1r \u00e9vtizeddel k\u00e9s\u0151bb egy olyan hely \u00e9p\u00fcl, ahol szint\u00e9n a hedonist\u00e1k \u00e9rzik j\u00f3l magukat. Valami biztosan van a leveg\u0151ben!<\/p>\r\n[caption id=\"attachment_7223656\" align=\"aligncenter\" width=\"800\"]<img class=\"wp-image-7223656 size-full\" src=\"https:\/\/fuszereslelek.nlcafe.hu\/wp-content\/uploads\/sites\/5\/2017\/05\/hercegasszonynynito.jpg\" alt=\"\" width=\"800\" height=\"534\" \/> Fot\u00f3: Hercegasszony birtok[\/caption]\r\n<p>\u201cA Mez\u0151t\u00far hat\u00e1r\u00e1ban \u00e1ll\u00f3 Hercegasszony kast\u00e9ly nev\u00e9t egykori tulajdonos\u00e1r\u00f3l, Lelbach Ir\u00e9nr\u0151l, Habsburg Albrecht f\u0151herceg feles\u00e9g\u00e9t\u0151l kapta, aki 1931-ben jegyaj\u00e1nd\u00e9kk\u00e9nt \u00f6r\u00f6k\u00f6lte a birtokot. A p\u00e1r v\u00e1l\u00e1sa ut\u00e1n a mes\u00e9s birtok Ir\u00e9n \u00e1lland\u00f3 lakhely\u00e9\u00fcl szolg\u00e1lt kora tavaszt\u00f3l eg\u00e9szen k\u00e9s\u0151 \u0151szig.<\/p>\r\n<p>Lelbach Ir\u00e9n D\u00f3ra 1897. december 22-\u00e9n l\u00e1tta meg a napvil\u00e1got Szabadk\u00e1n, j\u00f3m\u00f3d\u00fa \u00e9s elismert csal\u00e1d gyermekek\u00e9nt. Alig h\u00fasz \u00e9vesen ment f\u00e9rjhez a csal\u00e1d 14 \u00e9vvel id\u0151sebb bar\u00e1tj\u00e1hoz, Rudnay Lajos k\u00e9s\u0151bbi h\u00e1gai k\u00f6vethez, h\u00e1zass\u00e1gukb\u00f3l k\u00e9t fi\u00fa sz\u00fcletett. Miut\u00e1n egyik\u00fcket kor\u00e1n elvesztett\u00e9k a skarl\u00e1t miatt, Ir\u00e9n megismerkedett Albrecht f\u0151herceggel, akihez hamar er\u0151s, viszonzott \u00e9rzelmek f\u0171zt\u00e9k. \u00c9rz\u00e9seit bevallotta f\u00e9rj\u00e9nek, aki beny\u00fajtotta a v\u00e1l\u00f3keresetet, \u00edgy Ir\u00e9n fi\u00e1val Budapestre k\u00f6lt\u00f6z\u00f6tt. Habsburg Albrecht f\u0151herceg D\u00e9l-amerikai utaz\u00e1sai \u00e9s Lelbach Ir\u00e9n v\u00e1l\u00e1sa miatti meghurcoltat\u00e1sai ut\u00e1n a szerelmesek v\u00e9g\u00fcl 1930-ban h\u00e1zasodtak \u00f6ssze. Rangon aluli h\u00e1zass\u00e1gk\u00f6t\u00e9s\u00fck sok neh\u00e9zs\u00e9get okozott sz\u00e1mukra, f\u0151k\u00e9nt Albrechtnek, akit h\u00e1zass\u00e1ga politikai el\u0151menetel\u00e9ben akad\u00e1lyozott. V\u00e9g\u00fcl 1937-ben mondt\u00e1k ki v\u00e1l\u00e1sukat, amelynek egyik oka a herceg h\u0171tlens\u00e9ge volt.<\/p>\r\n<p>A Hercegasszony Kast\u00e9ly \u2013 amelyet a mez\u0151t\u00fari emberek t\u00f6bb nemzed\u00e9k \u00f3ta \u00edgy h\u00edvnak \u2013, a T\u00fart\u0151i holt\u00e1g \u00e9s Pusztab\u00e1nr\u00e9ve Lelbach Ir\u00e9n ir\u00e1ny\u00edt\u00e1sa alatt v\u00e1lt igazi paradicsomm\u00e1 a harmincas \u00e9vekben. Az \u00e9p\u00fclet f\u0151sz\u00e1rny\u00e1t 1878-ban emeltette a kor\u00e1bbi tulajdonos, akinek kil\u00e9t\u00e9r\u0151l nincsenek biztos forr\u00e1sok. K\u00e9s\u0151bb Lelbach Ir\u00e9n saj\u00e1t erej\u00e9b\u0151l \u00e9p\u00edttette fel a kast\u00e9ly tov\u00e1bbi r\u00e9szeit. A f\u0151\u00e9p\u00fclethez tartpzo U alak\u00fa sz\u00e1rnyak 1936-ban k\u00e9sz\u00fcltek el, amelyhez a k\u00f6rny\u00e9kbeli tany\u00e1k tetej\u00e9r\u0151l hozatta a r\u00e9gi cserepeket, hogy biztos\u00edtsa a neobarokk \u00e9p\u00fclet st\u00edlus\u00e1hoz m\u00e9lt\u00f3 patin\u00e1s arculatot.<\/p>\r\n<p>A sz\u00e9p id\u0151kben a kast\u00e9ly nemcsak a hercegasszony otthon\u00e1ul szolg\u00e1lt, hanem sz\u00e1mtalan embernek adott lakhelyet, munkahelyet \u00e9s meg\u00e9lhet\u00e9st is. A f\u0151\u00e9p\u00fclet el\u0151tt hatalmas r\u00f3zs\u00e1skert \u00e9s sz\u00ednes vir\u00e1gok pomp\u00e1ztak, az udvar k\u00f6zep\u00e9t pedig sz\u00f6k\u0151k\u00fat \u00e9kes\u00edtette, amely langyosan csordog\u00e1l\u00f3 v\u00edzpermet\u00e9vel t\u00f6rte meg a d\u00e9li nap sugarait, szinte \u00e9denkertt\u00e9 var\u00e1zsolta ezt a kis o\u00e1zist. Ezt a kutat mi is meg\u0151rizt\u00fck \u00e9s fel\u00faj\u00edtottuk, hogy a l\u00e1togat\u00f3k ugyan\u00fagy megcsod\u00e1lhass\u00e1k, mint kor\u00e1bban. A kast\u00e9ly parkja \u00e9s a h\u00e1z m\u00f6g\u00f6tt elhelyezked\u0151 teniszp\u00e1lya kiv\u00e9teles l\u00e1tv\u00e1nyoss\u00e1got ny\u00fajtott az egyszer\u0171 emberek sz\u00e1m\u00e1ra. Az udvaron teremtett idillt az \u00f3ri\u00e1si almaf\u00e1kkal szeg\u00e9lyezett gy\u00fcm\u00f6lcs\u00f6s kert \u00e9s a K\u00f6r\u00f6s parti \u00e9l\u00e9nkz\u00f6ld v\u00edzi n\u00f6v\u00e9nyzet z\u00e1rta k\u00f6r\u00fcl, eltakarva a birtokot a k\u00edv\u00e1ncsi tekintetek el\u0151l.<\/p>\r\n<p>A hercegasszony mindenkit b\u0151s\u00e9ges vend\u00e9gl\u00e1t\u00e1ssal fogadott a kast\u00e9lyban, valamint sz\u00e1mos rendezv\u00e9nnyel \u00e1m\u00edtotta el a k\u00f6rny\u00e9kbeli birtokosokat: el\u0151kel\u0151 arat\u00f3 b\u00e1lokat \u00e9s \u00e9ves t\u00e1ncos mulats\u00e1gokat rendezett.<\/p>\r\n<p>A k\u00faria t\u00f6rt\u00e9net\u00e9ben az oroszok 1944-es \u00e9rkez\u00e9se jelentette a rossz id\u0151k kezdet\u00e9t. A kast\u00e9lyt ekkorra elhagyta tulajdonosa, Budapestre k\u00f6lt\u00f6z\u00f6tt, majd az 1945-\u00f6s f\u00f6ldoszt\u00e1s sor\u00e1n el is vesztette a birtokot. Az id\u0151k folyam\u00e1n a kast\u00e9ly t\u00f6bb termel\u0151sz\u00f6vetkezet \u00e9s az \u00c1llami Gazdas\u00e1g tulajdon\u00e1ba is \u00e1tker\u00fclt.<\/p>\r\n<p>A Hercegasszony Birtok bels\u0151\u00e9p\u00edt\u00e9szeti tervez\u00e9se folyam\u00e1n modern szeml\u00e9lettel ny\u00faltunk a m\u0171eml\u00e9k \u00e9p\u00fclethez. A formabont\u00f3 bels\u0151 kialak\u00edt\u00e1sakor az a szeml\u00e9let inspir\u00e1lt minket, melyet ak\u00e1r Barcelona, Mil\u00e1n\u00f3 vagy \u00e9pp P\u00e1rizs legjobb vend\u00e9gl\u00e1t\u00f3 helyeit j\u00e1rva \u00e9rezhet\u00fcnk: a r\u00e9gi \u00e9rt\u00e9kek tisztelete \u00e9s megtart\u00e1sa mellett kort\u00e1rs \u00e9p\u00edt\u00e9szeti \u00e9s bels\u0151\u00e9p\u00edt\u00e9szeti elemek, egyedi megold\u00e1sok ker\u00fclnek a t\u00e9rbe, semmivel \u00f6ssze nem t\u00e9veszthet\u0151 hangulatot, egyedi megjelen\u00e9st adva a t\u00e9rnek.\u201d<\/p>\r\n<p><img class=\"aligncenter size-full wp-image-7223648\" src=\"https:\/\/fuszereslelek.nlcafe.hu\/wp-content\/uploads\/sites\/5\/2017\/05\/hercegasszony2.jpg\" alt=\"\" width=\"960\" height=\"1111\" \/><br \/> Amikor nem volt m\u00e9g gyerekem, el se tudtam volna k\u00e9pzelni, micsoda aj\u00e1nd\u00e9k 30 perc csend. \u00c9s most h\u00e1rom teljes napig csendben lehettem. Nem \u00e9n nem besz\u00e9ltem, hanem a vil\u00e1g csendesedett el k\u00f6r\u00fcl\u00f6ttem. M\u00e1jusban az egyik legszebb hang a kakukksz\u00f3, amit hallani lehet. \u00cdgy a wellness ut\u00e1n kifek\u00fcdt\u00fcnk a st\u00e9gre, \u00e9s hallgattuk a kakukkot. <br \/> Az igazi meglepet\u00e9s kakukksz\u00f3 ut\u00e1n \u00e9rkezett, amikor vacsor\u00e1zni ment\u00fcnk. K\u00e9t men\u00fcsor k\u00f6z\u00fcl lehetett v\u00e1lasztani, \u00e9s \u00e9n nem tudtam ellen\u00e1llni a kapor, t\u00f6k, s\u00fcll\u0151 felsorol\u00e1snak. \u00daRISTEN! Annyira, de annyira j\u00f3 volt! El\u0151\u00e9telk\u00e9nt egy klassz sal\u00e1t\u00e1val ind\u00edtottak, majd \u00e9rkezett a kr\u00e9mes, k\u00f6nny\u0171 tavaszi t\u00f6kf\u0151zel\u00e9k, a tetej\u00e9n t\u00f6kmagokkal \u00e9s egy szelet ropog\u00f3s b\u0151r\u0171, t\u00f6k\u00e9letesre s\u00fct\u00f6tt s\u00fcll\u0151vel. A f\u00e9rjem m\u00e1st rendelt, \u00e9s \u0151 is el volt \u00e1julva a szuvid\u00e1lt tarj\u00e1t\u00f3l, de a k\u00f6rett\u0151l is. Mondjam tov\u00e1bb? T\u00far\u00f3gomb\u00f3c \u00e9s m\u00e1snap mad\u00e1rtej... <br \/> M\u00e1snap reggel ut\u00e1n kicsit sz\u00e9tn\u00e9zt\u00fcnk a k\u00f6rny\u00e9ken, majd \u00fajra ki\u00fclt\u00fcnk a st\u00e9gre, ittunk egy poh\u00e1r pezsg\u0151t, \u00e9s olvastunk eb\u00e9dig. Ne agg\u00f3djatok, nem \u00edrom le v\u00e9gig, hogy mit ett\u00fcnk, legyen el\u00e9g annyi, hogy a konyha nagyon j\u00f3 volt. T\u00f6k\u00e9letes z\u00f6lds\u00e9gek, \u00e9s szint\u00e9n j\u00f3l elk\u00e9sz\u00edtett h\u00fas mellett, \u00e9rt\u0151 felszolg\u00e1l\u00f3val, aki pontosan tudta, hogy mit hoz ki, az hogy k\u00e9sz\u00fclt, \u00e9s m\u00e9g tan\u00e1csot is tudott adni. <br \/> <img class=\"aligncenter size-full wp-image-7223651\" src=\"https:\/\/fuszereslelek.nlcafe.hu\/wp-content\/uploads\/sites\/5\/2017\/05\/hercegasszony5.jpg\" alt=\"\" width=\"961\" height=\"1281\" \/>Vacsor\u00e1n\u00e1l kis meglepet\u00e9s \u00e9rt minket, ugyanis egy c\u00e9g h\u00fasz alkalmazottja is ott vacsor\u00e1zott, \u00e9s s\u00f6rvacsor\u00e1t k\u00e9rtek, ahol a k\u00f6zeli, mondhatni helyi s\u00f6rf\u0151zde a Szent Andr\u00e1s f\u0151zde f\u0151zdemestere tartott el\u0151ad\u00e1st. J\u00f3kor \u00e9rkezt\u00fcnk, \u00edgy v\u00e9gig hallgathattuk amit mes\u00e9l, \u00e9s mi is megk\u00f3stolhattuk a t\u00f6bbi vend\u00e9ggel egy\u00fctt az \u00f6sszes s\u00f6rt, a mell\u00e9 p\u00e1ros\u00edtott \u00e9telekkel egy\u00fctt.<br \/> Kisz\u00fartam a lobby-ban egy oklevelet, amit a Hercegasszony birtok a legszebb konyhakert versenyben kapott, \u00fagyhogy be is k\u00e9rezkedtem a t\u00f6bb mint sz\u00e1z \u00e9ves alm\u00e1skertbe, amit Andr\u00e1s b\u00e1csi m\u0171vel. Ha arra j\u00e1rtok, a kertet is mindenk\u00e9pp n\u00e9zz\u00e9tek meg, el\u0151sz\u00f6r is abszol\u00fat a birtok r\u00e9sze, m\u00e9g a n\u00e9vad\u00f3 Ir\u00e9ne hercegasszony idej\u00e9ben \u00fcltett\u00e9k, m\u00e1sodszor pedig olyan sz\u00e9p, mintha egy k\u00f6zpark lenne. Egy j\u00f3l \u00e1polt k\u00f6zpark. <br \/> <img class=\"aligncenter size-full wp-image-7223652\" src=\"https:\/\/fuszereslelek.nlcafe.hu\/wp-content\/uploads\/sites\/5\/2017\/05\/hercegasszony6.jpg\" alt=\"\" width=\"955\" height=\"1222\" \/>Egy kicsit elkapott a lelkiismeret furdal\u00e1s, hogy pont egy ilyen gyerekmenyorsz\u00e1gba nem vittem magammal\u00a0 a sr\u00e1caimat, pedig v\u00e1rta volna \u0151ket a gokart \u00e9s a j\u00e1tsz\u00f3t\u00e9r, de legal\u00e1bb mindig felh\u00edvtam \u0151ket, amikor els\u00e9t\u00e1ltam a gok\u00e1rtok mellett. <br \/> Ny\u00e1ron visszat\u00e9r\u00fcnk, akkor m\u00e1r viszem viszem a gyerekeket is. Az a helyzet, hogy teljesen beleszerett\u00fcnk a k\u00f6rny\u00e9kbe is, \u00e9s a helybe is.<br \/> A m\u00e1sik \u00e9p\u00fcletben ugyanis klassz csal\u00e1di apartmanok vannak, konyh\u00e1val, terasszal, nagyobb t\u00e9rrel.<\/p>\r\n<p>Mondjuk abban eg\u00e9szen biztos vagyok, hogy \u00e9n maximum egy els\u0151 el\u0151tti k\u00e1v\u00e9t f\u0151z\u0151k majd magunknak abban a konyh\u00e1ban, hiszen ott a bisztr\u00f3, aminek nem tudok ellen\u00e1llni, \u00e9s mi\u00e9rt is k\u00e9ne megtennem, nem igaz?<br \/> <img class=\"aligncenter size-full wp-image-7223647\" src=\"https:\/\/fuszereslelek.nlcafe.hu\/wp-content\/uploads\/sites\/5\/2017\/05\/hercegasszony1.jpg\" alt=\"\" width=\"1120\" height=\"1240\" \/><\/p>\r\n<p>&nbsp;<\/p>","type":"rich"}