{"version":"1.0","provider_name":"F\u0171szer \u00e9s L\u00e9lek","provider_url":"https:\/\/fuszereslelek.nlcafe.hu","author_name":"F\u0171szeres Eszter","author_url":"https:\/\/fuszereslelek.nlcafe.hu\/author\/fuszereseszter\/","title":"Egyszer ennek is v\u00e9ge lesz, akkor j\u00f6n a l\u00e1nyom","html":"[caption id=\"attachment_7223497\" align=\"aligncenter\" width=\"624\"]<img class=\"size-full wp-image-7223497\" src=\"https:\/\/fuszereslelek.nlcafe.hu\/wp-content\/uploads\/sites\/5\/2017\/03\/download.jpg\" alt=\"\" width=\"624\" height=\"351\" \/> A k\u00e9pen nem a fiam van, de az anya az \u00e9n vagyok l\u00e9lekben[\/caption]\r\n<p>Nem merem megk\u00e9rdezni any\u00e1mat, hogy \u00e9n milyen voltam tizenh\u00e1rom \u00e9vesen, de az\u00e9rt nagy\u00e1b\u00f3l eml\u00e9kszem. K\u00f6r\u00fcbel\u00fcl az agyukra mentem.\u00a0<br \/><br \/>Most hirtelen az jutott eszembe, hogy Olaszorsz\u00e1gb\u00f3l kaptam h\u00e1rom - mai szemmel nagyon klassz - farmert. Az egyik piros volt, a m\u00e1sik s\u00e1rga, a harmadik z\u00f6ld. Nos, \u00e9n \u00e9pp azt a korszakomat \u00e9ltem, amikor egy farmer s\u00f6t\u00e9tk\u00e9k vagy fekete lehetett. Feket\u00e9t szerettem volna a legjobban, de azt nem lehetett kapni.\u00a0<br \/>Volt viszont a h\u00e1ztart\u00e1si boltban fekete textilfest\u00e9k, amivel a gy\u00e1rt\u00f3 szerint ruh\u00e1t lehetett festeni. Fel is sorolta a festhet\u0151 fajt\u00e1k k\u00f6z\u00f6tt a farmert.<br \/><br \/>Boldogan \u00e1lltam neki a feladatnak, mindent pontosan az utas\u00edt\u00e1soknak megfelel\u0151en v\u00e9geztem. Kicsit olyan z\u00f6ldes fekete lett a v\u00e9geredm\u00e9ny, de igaz\u00e1n boldog voltam, lett egy fekete farmerem, olyan mint az akkori lelkivil\u00e1gom.<br \/><br \/>Fel is vettem m\u00e1snap, mondanom se kell, az \u00f6sszes fest\u00e9k a combomra ragadt a nadr\u00e1gb\u00f3l, \u00e9s kb. egy h\u00e9t volt, mire b\u0151rrad\u00edrral siker\u00fclt levakarni magamr\u00f3l.<br \/>Nem \u00fagy a farmerb\u00f3l, onnan bezzeg mindenhova k\u00f6nny\u0171szerrel jutott: a mos\u00f3v\u00edzbe, a sz\u00e9kre, ha esett az es\u0151, a sz\u00e1r\u00edt\u00f3k\u00f6t\u00e9lre, mindenhova.<br \/><br \/>Mondanom se kell kuka lett a v\u00e9ge, pedig egy \"eredeti lengyel piacon v\u00e1s\u00e1rolt\" farmer volt.<br \/>Egyszer ap\u00e1m megel\u00e9gelte, hogy csak ilyen ruh\u00e1kban l\u00e1t, \u00e9s nem el\u00e9g, hogy fel kellett vennem a piros farmert, de m\u00e9g arra is k\u00f6telezett, hogy vel\u00fck s\u00e9t\u00e1ljak a tavaszi naps\u00fct\u00e9sben.\u00a0<br \/><br \/>Mondanom se kell, hatalmas duzzog\u00e1s lett a v\u00e9ge, v\u00e9rig voltam s\u00e9rt\u0151dve t\u00f6bb dolog miatt is.<br \/>El\u0151sz\u00f6r is ki kell menni az utc\u00e1ra. S\u00c9T\u00c1LNI.<br \/>M\u00e1sodszor any\u00e1m\u00e9kkal. \u00daRISTEN!<br \/>Harmadszor: PIROS FARMERBEN.<br \/><br \/>Igyekeztem is mindh\u00e1rom ellenem ir\u00e1nyul\u00f3 mer\u00e9nyletet megtorolni.\u00a0<br \/>Undok voltam, nem \u00e1lltam sz\u00f3ba vel\u00fck, csak ut\u00e1nuk voltam hajland\u00f3 menni k\u00e9t m\u00e9terrel, \u00e9s folyamatosan morogtam. Ha j\u00f3l eml\u00e9kszem, a Gell\u00e9rt-hegyre ment\u00fcnk fel, ahonnan nyilv\u00e1n rettenetes unalmasnak tal\u00e1ltam a panor\u00e1m\u00e1t, hiszen ott lakunk, ahova n\u00e9z\u00fcnk, kit \u00e9rdekel?!<br \/><br \/>\u00c9s ez nyilv\u00e1n csak az egyik nap volt a t\u00f6bb ezerb\u0151l, ami kamaszkoromat jellemezte.<br \/><br \/>D\u00e1vidn\u00e1l most kezd\u0151dik.\u00a0<br \/><br \/>Egyik percben nem akar j\u00f6nni vel\u00fcnk sehova, m\u00e1sik pillanatban v\u00e9rig s\u00e9rt\u0151dik, hogy mi\u00e9rt megy\u00fcnk n\u00e9lk\u00fcle.<br \/>Felsz\u00f3l\u00edt, hogy ne menjek el arra a programra, ahol nekem dolgoznom kell h\u00e9tv\u00e9g\u00e9n, neki meg j\u00f3l \u00e9reznie mag\u00e1t a bar\u00e1tival. Ha m\u00e1r mindenk\u00e9pp ott kell lenn\u00fcnk - de legk\u00f6zelebb el ne merj\u00fck v\u00e1llalni ezt a munk\u00e1t-, akkor oda ne menj\u00fcnk hozz\u00e1, \u00e9s hagyjuk \u0151t b\u00e9k\u00e9n.<br \/><br \/>Nem, nem akar moziba j\u00f6nni, azt \u00a0a h\u00fclyes\u00e9get egy\u00e1ltal\u00e1n nem szeretn\u00e9 l\u00e1tni. De holnaput\u00e1n n\u00e9zzem m\u00e1r meg vele, ha t\u00e9nyleg olyan j\u00f3 volt!<br \/>A nagyi m\u00e1r kezd unalmas lenni, ha \u00e9n mondom, hogy menjen ki h\u00e9tv\u00e9g\u00e9n, de egy \u00f3r\u00e1t duzzog, ha a nagymama a l\u00e1nyomat k\u00e9ri el\u0151bb a telefonhoz, majd m\u00e1snap felh\u00edvja, \u00e9s megk\u00e9rdezi, hogy kimehet-e h\u00e9tv\u00e9g\u00e9n, \u00e9s f\u0151z-e neki h\u00faslevest \u00e9s krumplis t\u00e9szt\u00e1t.<br \/><br \/>Teljesen komolyan meglep\u0151dik, hogy bizonyos dolgokkal \u00e9n is tiszt\u00e1ban vagyok, s\u0151t, igaz\u00e1b\u00f3l k\u00e9telkedik benne, hogy val\u00f3ban hallottam-e m\u00e1r bizonyos dolgokr\u00f3l.\u00a0<br \/>P\u00e1r hete felh\u00edvott egy \u00fajs\u00e1g\u00edr\u00f3, a borzalmas tinikr\u0151l \u00edrt cikket, \u00e9s engem aj\u00e1nlottak neki, mert \u00e1ll\u00edt\u00f3lag vicces posztjaim vannak a kamaszod\u00f3 fiammal kapcsolatban a f\u00e9szbukon.<br \/><br \/>Na, ennek v\u00e9ge, el\u00e9rkezett az, amikor tilos r\u00f3la mondjuk k\u00e9pet feltenni, csakis az \u0151 \u00e1ltal kiv\u00e1logatott legjobbak ker\u00fclhetnek fel. Ezt mondjuk teljesen meg\u00e9rtem, \u00e9s tiszteletben is tartom.<br \/>Az \u00fajs\u00e1g\u00edr\u00f3val v\u00e9g\u00fcl j\u00f3l elsztorizgattunk egym\u00e1ssal, \u00e9s egyet\u00e9rtett\u00fcnk abban, hogy egyed\u00fcl a k\u00fcty\u00fcmegvon\u00e1s hat\u00e1sos \u00a0a sr\u00e1cokn\u00e1l. Ha azt mondom, hogy m\u00e1t\u00f3l sz\u00e1z \u00e9vig nem g\u00e9pezhet, az haszn\u00e1l. Persze a suliban van g\u00e9p, de itthon olyan sz\u00f6rny\u0171s\u00e9geket kell csin\u00e1lni, mint olvasni, t\u00e1rsasoszni, besz\u00e9lgetni. P\u00e1r \u00f3r\u00e1ig nem is megy, \u00fajra bele kell tanulni, de el\u0151bb hallom \u00e1m a halk morg\u00e1st, szitkoz\u00f3d\u00e1st, amit vagy k\u00e9pes vagyok visszasz\u00f3l\u00e1s n\u00e9lk\u00fcl elviselni, vagy nem.<br \/><br \/>Viszont el\u00e1rultam a titkot anyat\u00e1rsamnak a telefonnal kapcsolatban. \u0150 ugyanis arra panaszkodott, hogy hi\u00e1ba vonja meg a g\u00e9pez\u00e9s lehet\u0151s\u00e9g\u00e9t, reggel m\u00e9gis a gyerek kez\u00e9be kell nyomnia az okos telefont, mert telefon n\u00e9lk\u00fcl nem mehet el otthonr\u00f3l a gyerek.\u00a0<br \/><br \/>(Milyen j\u00f3 volt nek\u00fcnk, any\u00e1ink nem tudtak ellen\u0151rizni gyerekkorunkban, hahaha)<br \/><br \/>D\u00e1vid sem mehet el otthonr\u00f3l telefon n\u00e9lk\u00fcl, de okos telefon helyett ilyenkor, vagyis iskolaid\u0151ben szinte mindig \"buta\" telefont visz mag\u00e1val. El\u00e9rni eltudom, de a Minecraft nem m\u0171k\u00f6dik rajta.\u00a0<br \/><br \/>Lehet \u00e1m j\u00f3l viselkedni, ebadta!<br \/><br \/><\/p>","type":"rich"}