{"version":"1.0","provider_name":"F\u0171szer \u00e9s L\u00e9lek","provider_url":"https:\/\/fuszereslelek.nlcafe.hu","author_name":"F\u0171szeres Eszter","author_url":"https:\/\/fuszereslelek.nlcafe.hu\/author\/fuszereseszter\/","title":"Mennyei fah\u00e9jas falatok: \u00edgy k\u00e9sz\u00fcl a mini stollen","html":"<p><span style=\"font-weight: 400\"><img class=\"aligncenter size-full wp-image-7223163\" src=\"https:\/\/fuszereslelek.nlcafe.hu\/wp-content\/uploads\/sites\/5\/2016\/11\/mini-fahejas-stollen-3.jpg\" alt=\"mini-fahejas-stollen-3\" width=\"2048\" height=\"1425\" \/>A k\u00e9zzel k\u00e9sz\u00fclt stollen val\u00f3sz\u00edn\u0171leg N\u00e9metorsz\u00e1g legr\u00e9gebbi hagyom\u00e1nyos kar\u00e1csonyi s\u00fctem\u00e9nye. Hivatalosan el\u0151sz\u00f6r 1329-ben a Saale menti Naumburgban eml\u00edtett\u00e9k mint Henrik p\u00fcsp\u00f6k kar\u00e1csonyi aj\u00e1nd\u00e9k\u00e1t. Akkoriban a stollen m\u00e9g csak egy kelt t\u00e9szt\u00e1b\u00f3l k\u00e9sz\u00fclt szeg\u00e9nyes \u00e9tel volt az adventi b\u00f6jt idej\u00e9re. Az\u00f3ta persze egyre gazdagabb lett a t\u00e9szt\u00e1ja is, a t\u00f6ltel\u00e9kje is. Mivel a t\u00e9szta j\u00f3 vajas, \u00edgy f\u00e9mdobozba z\u00e1rva p\u00e1r napig friss marad, ez\u00e9rt szuper decemberi aj\u00e1nd\u00e9k.<\/span><\/p>\r\n<p><span style=\"font-weight: 400\">A stollen drezdai v\u00e1ltozat\u00e1t eredetileg \u201eStriezel\u201d-nek h\u00edvt\u00e1k, amit a drezdai Striezelmarkton, vagyis a Kal\u00e1cspiacon \u00e1rultak. Ez a piac egyben N\u00e9metorsz\u00e1g legr\u00e9gebbi kar\u00e1csonyi v\u00e1s\u00e1ra is, ahol 1500 \u00f3ta \u00e1rulj\u00e1k a kar\u00e1csonyi stollent. A sz\u00e1sz p\u00e9kek 1560 \u00f3ta minden \u00e9vben az \u00fcnnep alkalm\u00e1b\u00f3l megaj\u00e1nd\u00e9kozt\u00e1k tartom\u00e1nyurukat k\u00e9t darab m\u00e1sf\u00e9l m\u00e9ter hossz\u00fa \u00e9s 18 kg s\u00faly\u00fa stollennel. <\/span><span style=\"font-weight: 400\"><br \/><\/span><span style=\"font-weight: 400\">Ez a mostani recept azonban pont az \u00f3ri\u00e1s stollen ellent\u00e9te, vagyis apr\u00f3, falatnyi ministollen. \u00dagyis sz\u00e1molatlanul t\u0171nik majd el a sz\u00e1jakban. <\/span><\/p>\r\n<p><span style=\"font-weight: 400\">Hozz\u00e1val\u00f3k:<\/span><\/p>\r\n<p><span style=\"font-weight: 400\">50+10 dkg liszt<br \/><\/span><span style=\"font-weight: 400\">1 csomag Dr. Oetker Instant \u00c9leszt\u0151<\/span><span style=\"font-weight: 400\"><br \/><\/span><span style=\"font-weight: 400\">2 dl langyos tej<br \/><\/span><span style=\"font-weight: 400\">10 dkg cukor<br \/><\/span><span style=\"font-weight: 400\">1 toj\u00e1s <br \/><\/span><span style=\"font-weight: 400\">1 narancs reszelt h\u00e9ja<br \/><\/span><span style=\"font-weight: 400\">1\/2 tk s\u00f3<br \/><\/span><span style=\"font-weight: 400\">20 dkg vaj<br \/><\/span><span style=\"font-weight: 400\">5 dkg durv\u00e1ra dar\u00e1lt mandula<\/span><span style=\"font-weight: 400\"><br \/><\/span><span style=\"font-weight: 400\">10 dkg mazsola<br \/><\/span><span style=\"font-weight: 400\">1 kk Dr. Oetker Rumaroma<\/span><span style=\"font-weight: 400\"><br \/><\/span><span style=\"font-weight: 400\">10 dkg kand\u00edrozott narancsh\u00e9j<\/span><span style=\"font-weight: 400\"><br \/><\/span><span style=\"font-weight: 400\">10 dkg Dr. Oetker Marcip\u00e1n<\/span><\/p>\r\n<p><span style=\"font-weight: 400\">A tetej\u00e9re: <\/span><span style=\"font-weight: 400\"><br \/><\/span><span style=\"font-weight: 400\">5 dkg vaj <\/span><span style=\"font-weight: 400\"><br \/><\/span><span style=\"font-weight: 400\">2 csomag Dr. Oetker Bourbon Van\u00edli\u00e1s Cukor<\/span><span style=\"font-weight: 400\"><br \/><\/span><span style=\"font-weight: 400\">1 ek \u0151r\u00f6lt fah\u00e9j<\/span><span style=\"font-weight: 400\"><br \/><\/span><\/p>\r\n<p><a href=\"http:\/\/ad.adverticum.net\/C\/4196935\/4196934\/419693700?\"><strong>Tov\u00e1bb a teljes recepthez &gt;&gt;&gt;<\/strong><\/a><\/p>\r\n<p>&nbsp;<\/p>","type":"rich"}