{"version":"1.0","provider_name":"F\u0171szer \u00e9s L\u00e9lek","provider_url":"https:\/\/fuszereslelek.nlcafe.hu","author_name":"F\u0171szeres Eszter","author_url":"https:\/\/fuszereslelek.nlcafe.hu\/author\/fuszereseszter\/","title":"A Staf\u00e9ta Kanalat tov\u00e1bb adom","html":"<p><img class=\"aligncenter size-full wp-image-7223087\" src=\"https:\/\/fuszereslelek.nlcafe.hu\/wp-content\/uploads\/sites\/5\/2016\/10\/DSC07535.jpg\" alt=\"dsc07535\" width=\"2048\" height=\"1368\" \/>Eltelt az id\u0151, am\u00edg n\u00e1lam volt a Bonduelle \u00a0<a style=\"font-family: Georgia, 'Times New Roman', 'Bitstream Charter', Times, serif;font-size: 16px\" href=\"http:\/\/www.bonduelle.hu\/stafetakanal\">Staf\u00e9ta Kan\u00e1l,<\/a> \u00e9s kicsit k\u00f6zelebb ker\u00fcltem a konzevekhez is. Aki olvasta a Leves minden napra k\u00f6nyvemet, az tudja, hogy egy\u00e1ltal\u00e1n nem gondolom \u00f6rd\u00f6gt\u0151l val\u00f3nak a konzervek haszn\u00e1lat\u00e1t, hiszen elk\u00e9peszt\u0151en megk\u00f6nny\u00edti a h\u00e9tk\u00f6znapokat, ha van mit leemelni a polcr\u00f3l.\u00a0<\/p>\r\n<p>Gy\u00fcm\u00f6lcs\u00f6t, lekv\u00e1rt, \u00e9s chutney-t \u00e9n magam teszek el, mert ezeket \u00fagy szeretem, ha a saj\u00e1t sz\u00e1m \u00edze szerint vannak a f\u0171szerezve, arr\u00f3l nem is besz\u00e9lve, hogy sok gy\u00fcm\u00f6lcs\u00f6t magunk termel\u00fcnk.<br \/>Viszont mondjuk csicseribors\u00f3t, babot, kukoric\u00e1t, vagy lencs\u00e9t mindig v\u00e1s\u00e1rolok.\u00a0<br \/><br \/>Tudj\u00e1tok mire lenn\u00e9k m\u00e9g vev\u0151? Csod\u00e1lkozom is, hogy nem lehet kapni! Olajon \u00fcvegesre dinsztelt hagym\u00e1ra. Nem arr\u00f3l van sz\u00f3, hogy ne tudn\u00e1m magam megcsin\u00e1lni, csak arr\u00f3l, hogy amikor munka ut\u00e1n nagyon \u00e9hesen \u00e9r\u00fcnk haza, az szint\u00e9n ler\u00f6vid\u00edten\u00e9 a vacsorak\u00e9sz\u00edt\u00e9s idej\u00e9t.\u00a0<br \/><br \/>Viszont p\u00e9ld\u00e1ul, ha nem l\u00e9tezne konzerv, akkor csak 1-2 alkalommal ehetn\u00e9nk kukorica-kr\u00e9mlevest egy \u00e9vben, mert addig finom \u00e9des amit a piacon veszek. M\u00e1rpedig a gyerekek hatalmas rajong\u00f3i a kukoric\u00e1nak.<br \/>\u00dagyhogy most fogom is kanalat, \u00e9s tov\u00e1bbadom Lill\u00e1nak, aki <a href=\"https:\/\/www.facebook.com\/stylistakonyhaban\/?fref=ts\">stylist a konyh\u00e1ban ;-)<\/a><br \/>Hajr\u00e1!<\/p>","type":"rich"}