{"version":"1.0","provider_name":"F\u0171szer \u00e9s L\u00e9lek","provider_url":"https:\/\/fuszereslelek.nlcafe.hu","author_name":"F\u0171szeres Eszter","author_url":"https:\/\/fuszereslelek.nlcafe.hu\/author\/fuszereseszter\/","title":"Perverz mese vs. giccses rekl\u00e1mok","html":"<p><a href=\"https:\/\/fuszereslelek.nlcafe.hu\/wp-content\/uploads\/sites\/5\/2015\/11\/magyarnepmese.jpg\" rel=\"attachment wp-att-7222300\"><img class=\"aligncenter size-large wp-image-7222300\" src=\"https:\/\/fuszereslelek.nlcafe.hu\/wp-content\/uploads\/sites\/5\/2015\/11\/magyarnepmese-600x450.jpg\" alt=\"magyarnepmese\" width=\"600\" height=\"450\" \/><\/a>Egy nagyon-nagyon finom t\u00e9li desszert receptj\u00e9t \u00edrom \u00e9ppen, \u00e9s k\u00f6zben megvil\u00e1gosodtam. Mondom:<br \/>Eg\u00e9szen biztosan van \u00f6sszef\u00fcgg\u00e9s ak\u00f6z\u00f6tt, hogy a gyerekeinket egyre er\u0151sebb burokban tartjuk, \u00e9s ak\u00f6z\u00f6tt, hogy mi magunk meg m\u00e1r rekl\u00e1mfilmeken k\u00e9pesek vagyunk k\u00f6nnyekig hat\u00f3dni, m\u00e9ghozz\u00e1 annyira, hogy \u00e9vr\u0151l-\u00e9vre egyre b\u00e1rgy\u00fabb rekl\u00e1mokt\u00f3l s\u00edrjuk tele az internetet.<br \/>Amikor D\u00e1vid megsz\u00fcletett - vagyis lassan 12 \u00e9ve - hallottam el\u0151sz\u00f6r, hogy 6-7 \u00e9ves gyerekek sz\u00fclei nem engedik a sr\u00e1coknak, hogy Disney, vagy Pixar filmeket n\u00e9zzenek, mert \u00fagy vett\u00e9k \u00e9szre, hogy azok nagyon felzaklatj\u00e1k a gyerekeket. Ez akkoriban m\u00e9g el\u00e9g ritka volt, de mire Z\u00e1li is megsz\u00fcletett, m\u00e1r egyre gyakoribb. P\u00e1r \u00e9ve indult egy mozgalom, ami a Grimm mes\u00e9ket is tilt\u00f3 list\u00e1ra tette. \u00c9s nem az eredeti mes\u00e9kr\u0151l besz\u00e9lek, hanem azokr\u00f3l, amiken mi magunk is feln\u0151tt\u00fck. Ekkor \u00e9rezte \u00fagy p\u00e1r sz\u00fcl\u0151, hogy a Jancsi \u00e9s Juliska sz\u00f6rny\u0171, \u00e9s annyira szorongani fog t\u0151le a gyerek, hogy az eg\u00e9sz \u00e9lete t\u00f6nkremehet att\u00f3l, ha belegondol, hogy milyen lehet elveszni az erd\u0151ben. Kider\u00fclt hasonl\u00f3\u00a0az \u00c9gig \u00e9r\u0151 paszulyr\u00f3l is, majd valaki ledobta a meseatombomb\u00e1t: a magyar n\u00e9pmes\u00e9k perverzek \u00e9s szadist\u00e1k, csak feln\u0151tteknek lenne szabad meghallgatni \u0151ket.\u00a0<br \/><a href=\"https:\/\/fuszereslelek.nlcafe.hu\/wp-content\/uploads\/sites\/5\/2015\/11\/axn-disney-bitches-2.jpg\" rel=\"attachment wp-att-7222298\"><img class=\"aligncenter size-large wp-image-7222298\" src=\"https:\/\/fuszereslelek.nlcafe.hu\/wp-content\/uploads\/sites\/5\/2015\/11\/axn-disney-bitches-2-600x450.jpg\" alt=\"axn-disney-bitches-2\" width=\"600\" height=\"450\" \/><\/a>Persze, feln\u0151ttk\u00e9nt gondolhatunk a h\u00e9t t\u00f6rp\u00e9re perverz liliputi b\u00e1csikk\u00e9nt, akik elcs\u00e1b\u00edtott\u00e1k a gy\u00f6ny\u00f6r\u0171 fiatal l\u00e1nyt, meg tekinthetj\u00fck a gonosz mostoh\u00e1t a B\u00e1thory Erzs\u00e9bet legenda egyik v\u00e1ltozat\u00e1nak, de mi\u00e9rt er\u0151ltetn\u00e9nk ezeket a beteg gondolatokat a gyerekeinkre?<br \/>Nekem rendszeresen mes\u00e9lte anyuk\u00e1m a Jancsi \u00e9s Julisk\u00e1t, \u00e9s im\u00e1dtam borzongani a boszork\u00e1nyon. Szerintem nagyon j\u00f3 kis tanmese volt arra, hogy nem szabad idegenekkel sz\u00f3ba \u00e1llni. Persze abban is van valami, hogy a mai gyerekeknek lehet, hogy nincs is sz\u00fcks\u00e9g\u00fck ezekre a tanmes\u00e9kre, hiszen soha, sehova nem mehetnek egyed\u00fcl eg\u00e9szen az \u00e9retts\u00e9giig ;-)<br \/><a href=\"https:\/\/fuszereslelek.nlcafe.hu\/wp-content\/uploads\/sites\/5\/2015\/11\/bathorier09-596x404.jpg\" rel=\"attachment wp-att-7222297\"><img class=\"aligncenter size-full wp-image-7222297\" src=\"https:\/\/fuszereslelek.nlcafe.hu\/wp-content\/uploads\/sites\/5\/2015\/11\/bathorier09-596x404.jpg\" alt=\"bathorier09-596x404\" width=\"596\" height=\"404\" \/><\/a>Azt\u00e1n p\u00e1r \u00e9ve t\u00f6rt ki a Makacs gyermek botr\u00e1ny, amikor egy val\u00f3di Grimm mes\u00e9t valaki m\u00e1sodikosoknak sz\u00f3l\u00f3 erk\u00f6lcstank\u00f6nyvbe vizion\u00e1lt, amir\u0151l persze hamar kider\u00fclt, hogy kamu, de addigra m\u00e1r sz\u00fcl\u0151k ezrei magukb\u00f3l kikelve kiab\u00e1ltak mindenhol, hogy mi lesz \u00edgy szeg\u00e9ny gyerekekkel. A mes\u00e9t csak az\u00e9rt m\u00e1solom be ide, mert szerintem a Grimm testv\u00e9rek igazi korabeli trollok lehettek, \u00e9s el tudom k\u00e9pzelni, mennyire j\u00f3l sz\u00f3rakoztak, amikor ezeket \u00edrt\u00e1k:<br \/>\u201eVolt egyszer egy igen makacs gyermek, anyj\u00e1val \u00f6r\u00f6k sz\u00f3fogadatlan. A j\u00f3 Isten emiatt nem lelte tetsz\u00e9s\u00e9t benne, betegs\u00e9get hozott r\u00e1, senki orvos nem seg\u00edthetett rajta, \u00e9s hamarosan a hal\u00e1los \u00e1gy\u00e1n fek\u00fcdt. Mikor pedig leeresztett\u00e9k a s\u00edrba, \u00e9s betakart\u00e1k f\u00f6lddel, kicsi karja egyszerre csak el\u0151b\u00fajt, magasra ny\u00falt, \u00e9s ha visszadugt\u00e1k, s friss f\u00f6ldet ter\u00edtettek r\u00e1, az sem seg\u00edtett, a karocska \u00fajra, meg \u00fajra el\u0151b\u00fajt. V\u00e9g\u00fcl anyj\u00e1nak kellett a s\u00edrhoz mennie, \u00e9s vessz\u0151vel a karocsk\u00e1ra \u00fctnie, s amint ezt megtette, a karocska visszah\u00faz\u00f3dott, a gyermek pedig v\u00e9gre-valah\u00e1ra nyugalmat lelt a f\u00f6ld alatt.\u201d<br \/>Azt\u00e1n j\u00f6ttek a versek, \u00e9s szeg\u00e9ny k\u00f6lt\u0151knek, a gyerekeiknek, s\u0151t, az eg\u00e9sz csal\u00e1djuknak k\u00edv\u00e1nt\u00e1k k\u00f3rusban a hal\u00e1l\u00e1t az anyuk\u00e1k \u00e9s nagymam\u00e1k. Szerencs\u00e9re a gyerekek okosabbak, mint a felmen\u0151ik.<\/p>\r\n<p>Varr\u00f3 D\u00e1niel: Hat j\u00f3 j\u00e1t\u00e9k kisbab\u00e1knak<br \/><br \/>J\u00f3 j\u00e1t\u00e9k a cicafarok,<br \/> sz\u00e9lte pont egy babamarok.<br \/> \u00c9n h\u00faztam meg, mit akarok?<br \/> J\u00f3 j\u00e1t\u00e9k a cicafarok.<\/p>\r\n<p>J\u00f3 j\u00e1t\u00e9k a mobiltel\u00f3,<br \/> fogalmam sincs, mire val\u00f3.<br \/> Leny\u00e1lazom, azt\u00e1n hel\u00f3,<br \/> j\u00f3 j\u00e1t\u00e9k a mobiltel\u00f3.<\/p>\r\n<p>J\u00f3 j\u00e1t\u00e9k a laptopk\u00e1bel,<br \/> f\u0151leg, ha m\u00e9g nem lopt\u00e1k el.<br \/> N\u00e9gy fogaddal hipp-hopp r\u00e1gd el,<br \/> j\u00f3 j\u00e1t\u00e9k a laptopk\u00e1bel.<\/p>\r\n<p>J\u00f3 j\u00e1t\u00e9k a lap\u00e1t,<br \/> azzal \u00fctj\u00fck ap\u00e1t.<br \/> Orrot, f\u00fclet lap\u00edt,<br \/> j\u00f3 j\u00e1t\u00e9k a lap\u00e1t.<\/p>\r\n<p>J\u00f3 j\u00e1t\u00e9k a versesk\u00f6tet,<br \/> van rajta egy teljes k\u00f6pet.<br \/> \u00c1tny\u00e1laztam, m\u00e9g egy j\u00f6het,<br \/> j\u00f3 j\u00e1t\u00e9k a versesk\u00f6tet.<\/p>\r\n<p>J\u00f3 j\u00e1t\u00e9k a konektor,<br \/> \u00e9n j\u00f6ttem r\u00e1 magamt\u00f3l.<br \/> Beledugom, hol egy toll?<br \/> J\u00f3 j\u00e1t\u00e9k a konektor.<\/p>\r\n<p><iframe src=\"https:\/\/www.youtube.com\/embed\/NWF2JBb1bvM?rel=0\" width=\"560\" height=\"315\" frameborder=\"0\"><\/iframe> <iframe src=\"https:\/\/www.youtube.com\/embed\/pSLOnR1s74o?rel=0\" width=\"560\" height=\"315\" frameborder=\"0\"><\/iframe><\/p>\r\n<p>Ezzel szemben \u00e1llnak a kar\u00e1csonyi meghat\u00f3 rekl\u00e1mvide\u00f3k, amin milli\u00f3k s\u00edrnak, pedig l\u00e1ssuk be, gyerekesek, \u00e9s b\u00e1rgy\u00faak is. Nyilv\u00e1n van helye a meghat\u00f3d\u00e1snak, s\u0151t a s\u00edr\u00e1snak is, de szerintem sokkal jobban viseln\u00e9nk ezeket, ha gyerekkorunkban kell\u0151 mennyis\u00e9gben meg\u00e9lhetn\u00e9nk pozit\u00edv \u00e9s negat\u00edv \u00e9rz\u00e9seket is, az irodalom, vagy filmek hat\u00e1s\u00e1ra. Csak ez\u00e9rt \u00edrom ezt, mert eml\u00e9kszem, hogy sz\u00f3 szerint zokogva aludtam el t\u00edz\u00e9vesen a Fekete f\u00fcl\u00fc feh\u00e9r Bim reg\u00e9nyen, \u00e9s m\u00e9gis im\u00e1dtam, vagy ugyan\u00edgy az \u00c9nekl\u0151 kuty\u00e1n, p\u00e1r \u00e9vvel k\u00e9s\u0151bb\u00a0tucatsz\u00e1m olvastam a horrort, m\u00e9gsem lettem se gyilkos, se leki roncs, viszont hely\u00e9n tudok kezelni egy rekl\u00e1mot, \u00e9s nem \u00e9rzem azt, hogy (id\u00e9zek): \"\u00e9letem legmeghat\u00f3bb p\u00e1r perce volt ez a kis film, m\u00e1r \u00e9rzem, hogy van szeretet a vil\u00e1gba!!!\"<br \/>Olvassatok! ;-)<\/p>\r\n<p><iframe src=\"https:\/\/www.youtube.com\/embed\/wuz2ILq4UeA?rel=0\" width=\"560\" height=\"315\" frameborder=\"0\"><\/iframe><\/p>","type":"rich"}