{"version":"1.0","provider_name":"F\u0171szer \u00e9s L\u00e9lek","provider_url":"https:\/\/fuszereslelek.nlcafe.hu","author_name":"F\u0171szeres Eszter","author_url":"https:\/\/fuszereslelek.nlcafe.hu\/author\/fuszereseszter\/","title":"Piac mustra: Bosny\u00e1k vs. Hunyadi t\u00e9r","html":"<p><a href=\"https:\/\/fuszereslelek.nlcafe.hu\/wp-content\/uploads\/sites\/5\/2015\/05\/piacozos-kosar.jpg\" rel=\"attachment wp-att-7221369\"><img class=\"alignleft size-full wp-image-7221369\" src=\"https:\/\/fuszereslelek.nlcafe.hu\/wp-content\/uploads\/sites\/5\/2015\/05\/piacozos-kosar.jpg\" alt=\"piacozos kosar\" width=\"900\" height=\"717\" \/><\/a><br \/>Piacra j\u00e1rni program, nem csak bev\u00e1s\u00e1rl\u00e1s. Persze van, amikor rohanunk, \u00e9s nincs id\u0151nk sz\u00e9tn\u00e9zni, de \u00e9n p\u00e9ld\u00e1ul igyekszem mindig \u00fagy alak\u00edtani a piacos napot, hogy ne csak h\u00fasz percem legyen, hanem hogy v\u00e9gigj\u00e1rhassam a standokat, \u00e9s j\u00f3l sz\u00e9tn\u00e9zhessek, miel\u0151tt v\u00e1s\u00e1roln\u00e9k. \u00cdgy tudom, hol a legszebb, \u00e9s azt is, hol a legjobb az \u00e1ra annak amit szeretn\u00e9k. <br \/> \u00c1ll\u00edt\u00f3lag \u00f6r\u00fclnek a piacokon a vas\u00e1rnapi boltz\u00e1rnak, ugyanis a v\u00e1s\u00e1rl\u00f3k hamar visszaszoktak a hipermarketb\u0151l, akkor is, ha a piac sincs vas\u00e1rnap nyitva. P\u00e9ntekenk\u00e9nt \u00e9s szombatonk\u00e9nt a szupermarketekben nem lehet a polcok k\u00f6zel\u00e9be jutni, vagy ha igen, akkor az azt jelenti, hogy nincs rajta m\u00e1r semmi. Szerencs\u00e9re a piacok vas\u00e1rnap is nyitva lehetnek, de tov\u00e1bbra is szombaton bonyol\u00edtj\u00e1k a forgalmuk legjav\u00e1t. <br \/> Tegnap a k\u00e9t kedvencemen voltam, a Bosny\u00e1k t\u00e9ren, \u00e9s a Hunyadi t\u00e9ren. A legfontosabb, hogy \u00e1rk\u00fcl\u00f6nbs\u00e9g nem igaz\u00e1n van, szerintem kb. ugyanannyi Budapesten minden, esetleg egy-egy helyen lehet 5-10% elt\u00e9r\u00e9s, de ez m\u00e9g pont akkora \u00f6sszeg, ami\u00e9rt m\u00e1r nem \u00e9rdemes egy messzibb piacra \u00e1tmenni.<br \/> <a href=\"https:\/\/fuszereslelek.nlcafe.hu\/wp-content\/uploads\/sites\/5\/2015\/05\/bosnyak2.jpg\" rel=\"attachment wp-att-7221358\"><img class=\"alignleft size-full wp-image-7221358\" src=\"https:\/\/fuszereslelek.nlcafe.hu\/wp-content\/uploads\/sites\/5\/2015\/05\/bosnyak2.jpg\" alt=\"bosnyak2\" width=\"900\" height=\"600\" \/><\/a>Bosny\u00e1k t\u00e9ri csarnokot sokan m\u00e1r k\u00fclv\u00e1rosi piack\u00e9nt emlegetik, de maradjunk ink\u00e1bb annyiban, hogy nem belv\u00e1rosi. Ennek ellen\u00e9re nagyon j\u00f3l megk\u00f6zel\u00edthet\u0151, r\u00e1ad\u00e1sul j\u00f3 p\u00e1r busz v\u00e9g\u00e1llom\u00e1sa is a bej\u00e1rat mellett tal\u00e1lhat\u00f3, de meg\u00e1ll itt a villamos is. Budapest legnagyobb piaca, teljesen bej\u00e1rni, \u00e9s mindent megn\u00e9zni nem kev\u00e9s id\u0151be telik, de nagyon j\u00f3 kis program. Ami j\u00f3 m\u00e9g benne, sok m\u00e1sik piaccal ellent\u00e9tben, hogy lehet a k\u00f6rny\u00e9ken parkolni. \u00c9n \u00e1ltal\u00e1ban p\u00e9ntek d\u00e9lel\u0151tt\u00f6nk\u00e9nt j\u00e1rok, \u00e9s amikor Z\u00e1li m\u00e9g nem j\u00e1rt b\u00f6lcsibe, itt is eb\u00e9delt\u00fcnk, persze a k\u00f6telez\u0151 piaci men\u00fct toltuk, l\u00e1ngost fokhagym\u00e1val, sajttal \u00e9s tejf\u00f6llel. A \u201cBosny\u00e1k\u201d z\u00f6lds\u00e9gben er\u0151s k\u00fcl\u00f6n\u00f6sen, j\u00f3p\u00e1r val\u00f3di termel\u0151 is k\u00edn\u00e1lja a port\u00e9k\u00e1j\u00e1t a szok\u00e1sos z\u00f6lds\u00e9gesek mellett. <br \/> <a href=\"https:\/\/fuszereslelek.nlcafe.hu\/wp-content\/uploads\/sites\/5\/2015\/05\/bosnyak-ter.jpg\" rel=\"attachment wp-att-7221365\"><img class=\"alignleft size-full wp-image-7221365\" src=\"https:\/\/fuszereslelek.nlcafe.hu\/wp-content\/uploads\/sites\/5\/2015\/05\/bosnyak-ter.jpg\" alt=\"bosnyak ter\" width=\"900\" height=\"600\" \/><\/a>Kedvencem a h\u00e1ts\u00f3, de m\u00e9g fedett r\u00e9szen a nagytarcsai \u0151stermel\u0151, Gerzsai csal\u00e1d, akik vagy h\u00fasz f\u00e9le nagyon friss sal\u00e1t\u00e1t, \u00e9s rengeteg z\u00f6ld f\u0171szert \u00e1rulnak, t\u00f6bbek k\u00f6z\u00f6tt a kedvencemet, v\u00edzi torm\u00e1t is, de szokott lenni koriander, bok choi, t\u00f6lgysal\u00e1ta, spen\u00f3t, s\u00f3ska, mindenf\u00e9le \u00e9s forma sz\u00ednes levelek. Most volt n\u00e1luk rebarbara, \u00e9s sz\u00ednes m\u00e1ngold is. <br \/>Egy m\u00e1sik z\u00f6lds\u00e9gesn\u00e9l vettem egy k\u00f6tegpetrezselymet - ami 20 csokrot \u00a0jelent- 250 forint\u00e9rt. M\u00e9g nem tudom mi lesz bel\u0151le.<br \/> <a href=\"https:\/\/fuszereslelek.nlcafe.hu\/wp-content\/uploads\/sites\/5\/2015\/05\/bosnyak.jpg\" rel=\"attachment wp-att-7221357\"><img class=\"alignleft size-full wp-image-7221357\" src=\"https:\/\/fuszereslelek.nlcafe.hu\/wp-content\/uploads\/sites\/5\/2015\/05\/bosnyak.jpg\" alt=\"bosnyak\" width=\"900\" height=\"600\" \/><\/a>De a k\u00f6z\u00e9ps\u0151 r\u00e9szen van egy nagyon kedves baromfis n\u00e9ni is, gy\u00f6ngyty\u00fakkal, csirk\u00e9vel, s\u0151t, rendel\u00e9sre frissen v\u00e1gott kacs\u00e1t is hoz, igaz \u0151 csak egy h\u00e9ten k\u00e9tszer j\u00f6n.<br \/> Azt\u00e1n ott a szok\u00e1sos piacos felhozatal, a hentesekkel, \u00e9s a saj\u00e1t csirk\u00e9t \u00e1rul\u00f3, de sajnos annak a b\u0151r\u00e9t s\u00e1rg\u00edt\u00f3 n\u00e9nikkel. Szerintem ezek a csirk\u00e9k egy\u00e9bk\u00e9nt t\u00e9nyleg sokkal jobb \u00edz\u0171ek, de az\u00e9rt azt nem \u00e1rt tudni, hogy a b\u0151r\u00fck nem a rengeteg kukoric\u00e1t\u00f3l olyan s\u00e1rga \u00e1m. Van m\u00e9g egy nagyon j\u00f3 toj\u00e1sos is, ahol b\u00e1r nem szabadon tartott ty\u00fakok toj\u00e1s\u00e1t \u00e1rulj\u00e1k, viszont t\u00e9nyleg xxl m\u00e9ret\u0171ek, \u00edgy s\u00fct\u00e9shez a legjobbak. <br \/> A piacon t\u00f6bb tejes \u00e9s sok ruh\u00e1s, ed\u00e9nyes, m\u0171anyagos stand is \u00fczemel, \u00edgy egy \u00e1tlagos bev\u00e1s\u00e1rl\u00e1st t\u00e9nyleg meg lehet ejteni rajta. <br \/> <a href=\"https:\/\/fuszereslelek.nlcafe.hu\/wp-content\/uploads\/sites\/5\/2015\/05\/hunyadi2.jpg\" rel=\"attachment wp-att-7221360\"><img class=\"alignleft size-full wp-image-7221360\" src=\"https:\/\/fuszereslelek.nlcafe.hu\/wp-content\/uploads\/sites\/5\/2015\/05\/hunyadi2.jpg\" alt=\"hunyadi2\" width=\"900\" height=\"600\" \/><\/a>Teljesen m\u00e1s a Hunyadi t\u00e9r. Egy \u00e9ve k\u00f6lt\u00f6zt\u00fcnk el a k\u00f6zel\u00e9b\u0151l, \u00e9s az\u00f3ta hi\u00e1nyzik. Persze csak a kinti r\u00e9sz, illetve a sarki, val\u00f3di g\u00f6r\u00f6g gyros-os. Ez ut\u00f3bbi ink\u00e1bb D\u00e1vidnak, nem mintha nekem nem \u00edzlett volna, csak nehezen viseltem a v\u00e1rakoz\u00e1st, de a fiam szerint meg\u00e9rte a 20 perc. Sz\u00f3val a Hunyadi t\u00e9ri piacra csak p\u00e9nteken \u00e9s szombaton \u00e9rdemes kimenni, ekkor \u00fczemel ugyanis teljes g\u0151zzel a kinti r\u00e9sz. A csarnok a h\u00e9t t\u00f6bbi napj\u00e1n is nyitva, kiv\u00e9ve vas\u00e1rnap, de h\u00e9tf\u0151n \u00e9s kedden alig tal\u00e1lni benne standot, ahol felh\u00fazn\u00e1k a rol\u00f3kat. <br \/> <a href=\"https:\/\/fuszereslelek.nlcafe.hu\/wp-content\/uploads\/sites\/5\/2015\/05\/hunyadi5.jpg\" rel=\"attachment wp-att-7221362\"><img class=\"alignleft size-full wp-image-7221362\" src=\"https:\/\/fuszereslelek.nlcafe.hu\/wp-content\/uploads\/sites\/5\/2015\/05\/hunyadi5.jpg\" alt=\"hunyadi5\" width=\"900\" height=\"600\" \/><\/a>Kint viszont val\u00f3di csod\u00e1kra lehet lelni n\u00e9ha. Szerintem itt kaphat\u00f3 a v\u00e1ros legjobb \u00edz\u0171 r\u00f3mai sal\u00e1t\u00e1ja, \u00e9s szezonj\u00e1ban a legjobb fekete ribiszke is, \u00fagyhogy ezek\u00e9rt visszaj\u00e1rok majd, az biztos. De szeretek a val\u00f3ban \u0151stermel\u0151 n\u00e9nikt\u0151l savany\u00fas\u00e1got \u00e9s vir\u00e1got is v\u00e1s\u00e1rolni. Tegnap volt egy s\u00fctis is, akit eddig nem l\u00e1ttam, \u00e9s \u00e9pp valaki nagyon dics\u00e9rte, \u00e9s tudom, hogy sokan ragaszkodnak a f\u00fcst\u00f6lt h\u00fasos fick\u00f3hoz is a k\u00f6rny\u00e9ken. <br \/> Sajnos h\u00fasban nagyon gyenge a piac, (csak a csarnokban bent kaphat\u00f3 friss h\u00fas), de mentette m\u00e1r meg a h\u00e9tv\u00e9g\u00e9met a baromfis a f\u00fcst\u00f6lt libacombj\u00e1val. <br \/> Amit szeretek m\u00e9g, hogy ott a Culin\u00e1ris is az utc\u00e1ban, \u00edgy f\u0171szert vagy j\u00f3f\u00e9le sajtot, bort is be lehet szerezni tkp. egy helyen.\u00a0<\/p>\r\n<p><a href=\"https:\/\/fuszereslelek.nlcafe.hu\/wp-content\/uploads\/sites\/5\/2015\/05\/hunyadi6.jpg\" rel=\"attachment wp-att-7221363\"><img class=\"alignleft size-full wp-image-7221363\" src=\"https:\/\/fuszereslelek.nlcafe.hu\/wp-content\/uploads\/sites\/5\/2015\/05\/hunyadi6.jpg\" alt=\"hunyadi6\" width=\"900\" height=\"600\" \/><\/a>A piac igazi kincse m\u00e9gis maga a t\u00e9r, amit tavalyel\u0151tt \u00faj\u00edtottak fel teljesen, \u00e9s az\u00f3ta m\u00e9g szebb lett. J\u00f3 kis j\u00e1tsz\u00f3t\u00e9r, eg\u00e9szen kicsiknek, \u00e9s kicsit nagyobbaknak is megfelel\u0151 j\u00e1t\u00e9kokkal, mellette kos\u00e1r vagy focip\u00e1lya, illetve feln\u0151tt, kinti edz\u0151terem. De a legjobb, hogy nyugodtan le lehet \u00fclni a f\u0171be, nincs benne kutyagumi, m\u0171k\u00f6dik a sz\u00f6k\u0151k\u00fat, van k\u00e9zmos\u00f3 \u00e9s wc, illetve szombat d\u00e9lel\u0151tt\u00f6nk\u00e9nt koncert a fillag\u00f3ria alatt. K\u00fcl\u00f6nben is nagyon hangulatos a piac a kinyithat\u00f3, cs\u00edkos, s\u00e1rga naperny\u0151vel, \u00e9s s\u00f6t\u00e9tz\u00f6ld kov\u00e1csoltvas l\u00e1bakkal, de amikor odasz\u0171r\u0151dik a t\u00e9rr\u0151l a zene \u00e9s a gyerekzsivaj, az m\u00e9g kellemesebb\u00e9 teszi. \u00dagyhogy az egy j\u00f3 kis csal\u00e1di program, nyugodtan n\u00e9zel\u0151dni a piacon, am\u00edg a gyerekek j\u00e1tszanak, majd csatlakozni a csal\u00e1dhoz, \u00e9s k\u00f6z\u00f6sen meghallgatni a koncertet, mik\u00f6zben a piacon vett \u00e1rukb\u00f3l \u00f6ssze lehet dobni egy szendvicset, vagy bentr\u0151l venni egy l\u00e1ngost. Ma is, 10,30-kor kezd\u0151dik a koncert, fell\u00e9p a Bart\u00f3k konzi jazz zenekara.<a href=\"https:\/\/fuszereslelek.nlcafe.hu\/wp-content\/uploads\/sites\/5\/2015\/05\/hunyadi3.jpg\" rel=\"attachment wp-att-7221361\"><img class=\"alignleft size-full wp-image-7221361\" src=\"https:\/\/fuszereslelek.nlcafe.hu\/wp-content\/uploads\/sites\/5\/2015\/05\/hunyadi3.jpg\" alt=\"hunyadi3\" width=\"900\" height=\"600\" \/><\/a><\/p>","type":"rich"}